{"id":9,"date":"2018-11-27T11:54:21","date_gmt":"2018-11-27T11:54:21","guid":{"rendered":"http:\/\/avada.theme-fusion.com_demos\/travel\/?page_id=9"},"modified":"2020-11-04T09:37:33","modified_gmt":"2020-11-04T09:37:33","slug":"about-us","status":"publish","type":"page","link":"https:\/\/www.meditationretreatperu.com\/es_ES\/about-us\/","title":{"rendered":"About Us"},"content":{"rendered":"<p><div class=\"fusion-fullwidth fullwidth-box fusion-builder-row-1 nonhundred-percent-fullwidth non-hundred-percent-height-scrolling fusion-equal-height-columns\" style=\"--awb-background-position:left top;--awb-border-radius-top-left:0px;--awb-border-radius-top-right:0px;--awb-border-radius-bottom-right:0px;--awb-border-radius-bottom-left:0px;--awb-padding-top:90px;--awb-padding-bottom:0px;--awb-border-sizes-top:0px;--awb-border-sizes-bottom:0px;--awb-flex-wrap:wrap;\" ><div class=\"fusion-builder-row fusion-row\"><div class=\"fusion-layout-column fusion_builder_column fusion-builder-column-0 fusion_builder_column_1_2 1_2 fusion-one-half fusion-column-first\" style=\"--awb-bg-size:cover;width:48%; margin-right: 4%;\"><div class=\"fusion-column-wrapper fusion-flex-column-wrapper-legacy\"><div class=\"fusion-text fusion-text-1\"><h1 style=\"margin-top: 0px; text-align: left;\">\u00a1Nos encanta lo que hacemos!<\/h1>\n<\/div><div class=\"fusion-text fusion-text-2\"><p style=\"text-align: justify;\">El desarrollo personal y las pr\u00e1cticas sinceras como la meditaci\u00f3n son nuestra pasi\u00f3n y nos sentimos profundamente honrados de tener espacio para retiros de meditaci\u00f3n en lugares altamente energ\u00e9ticos como el lago Titicaca.<\/p>\n<p style=\"text-align: justify;\">Ver la transformaci\u00f3n, la curaci\u00f3n y el despertar que tienen lugar en los retiros nos satisface profundamente y esperamos darle la bienvenida al retiro.<\/p>\n<\/div><div class=\"fusion-clearfix\"><\/div><\/div><\/div><div class=\"fusion-layout-column fusion_builder_column fusion-builder-column-1 fusion_builder_column_1_2 1_2 fusion-one-half fusion-column-last\" style=\"--awb-bg-position:center center;--awb-bg-size:cover;width:48%;\"><div class=\"fusion-column-wrapper fusion-flex-column-wrapper-legacy\"><iframe width=\"100%\" height=\"315\" src=\"https:\/\/www.youtube.com\/embed\/qGHwFuaR8-M\" frameborder=\"0\" allow=\"accelerometer; autoplay; encrypted-media; gyroscope; picture-in-picture\" allowfullscreen><\/iframe><div class=\"fusion-clearfix\"><\/div><\/div><\/div><\/div><\/div><div class=\"fusion-fullwidth fullwidth-box fusion-builder-row-2 nonhundred-percent-fullwidth non-hundred-percent-height-scrolling\" style=\"--awb-background-position:left top;--awb-border-radius-top-left:0px;--awb-border-radius-top-right:0px;--awb-border-radius-bottom-right:0px;--awb-border-radius-bottom-left:0px;--awb-padding-top:75px;--awb-padding-bottom:0px;--awb-margin-top:0px;--awb-margin-bottom:0px;--awb-background-color:#f0f0ed;--awb-border-sizes-top:0px;--awb-border-sizes-bottom:0px;--awb-flex-wrap:wrap;\" ><div class=\"fusion-builder-row fusion-row\"><div class=\"fusion-layout-column fusion_builder_column fusion-builder-column-2 fusion_builder_column_1_1 1_1 fusion-one-full fusion-column-first fusion-column-last fusion-column-no-min-height\" style=\"--awb-bg-size:cover;--awb-margin-bottom:0px;\"><div class=\"fusion-column-wrapper fusion-flex-column-wrapper-legacy\"><div class=\"fusion-text fusion-text-3\"><h1 style=\"text-align: center;\">PROFESORES<\/h1>\n<\/div><div class=\"fusion-sep-clear\"><\/div><div class=\"fusion-separator\" style=\"margin-left: auto;margin-right: auto;margin-bottom:40px;width:100%;max-width:170px;\"><div class=\"fusion-separator-border sep-single sep-solid\" style=\"--awb-height:20px;--awb-amount:20px;--awb-sep-color:#000000;border-color:#000000;border-top-width:1px;\"><\/div><\/div><div class=\"fusion-sep-clear\"><\/div><div class=\"fusion-clearfix\"><\/div><\/div><\/div><\/div><\/div><div class=\"fusion-fullwidth fullwidth-box fusion-builder-row-3 nonhundred-percent-fullwidth non-hundred-percent-height-scrolling fusion-equal-height-columns\" style=\"--awb-background-position:left top;--awb-border-radius-top-left:0px;--awb-border-radius-top-right:0px;--awb-border-radius-bottom-right:0px;--awb-border-radius-bottom-left:0px;--awb-padding-top:0px;--awb-padding-bottom:85px;--awb-margin-top:0px;--awb-margin-bottom:0px;--awb-background-color:#f0f0ed;--awb-border-sizes-top:0px;--awb-border-sizes-bottom:0px;--awb-flex-wrap:wrap;\" ><div class=\"fusion-builder-row fusion-row\"><div class=\"fusion-layout-column fusion_builder_column fusion-builder-column-3 fusion_builder_column_1_4 1_4 fusion-one-fourth fusion-column-first\" style=\"--awb-padding-top:30px;--awb-padding-right:30px;--awb-padding-bottom:30px;--awb-padding-left:30px;--awb-bg-color:rgba(255,255,255,.6);--awb-bg-color-hover:rgba(255,255,255,.6);--awb-bg-size:cover;width:22%; margin-right: 4%;\"><div class=\"fusion-column-wrapper fusion-flex-column-wrapper-legacy\"><div class=\"fusion-image-element fusion-image-align-center in-legacy-container\" style=\"text-align:center;--awb-caption-title-font-family:var(--h2_typography-font-family);--awb-caption-title-font-weight:var(--h2_typography-font-weight);--awb-caption-title-font-style:var(--h2_typography-font-style);--awb-caption-title-size:var(--h2_typography-font-size);--awb-caption-title-transform:var(--h2_typography-text-transform);--awb-caption-title-line-height:var(--h2_typography-line-height);--awb-caption-title-letter-spacing:var(--h2_typography-letter-spacing);\"><div class=\"imageframe-align-center\"><span class=\" fusion-imageframe imageframe-none imageframe-1 hover-type-none\"><img decoding=\"async\" width=\"200\" height=\"134\" title=\"teacher_stephan\" src=\"\/wp-content\/uploads\/2018\/11\/teacher_stephan.jpg\" alt class=\"img-responsive wp-image-1356\"\/><\/span><\/div><\/div><div class=\"fusion-text fusion-text-4\"><h3 style=\"text-align: center; color: #333333; margin-bottom: 0px;\">Stephan<\/h3>\n<\/div><div class=\"fusion-text fusion-text-5\"><p style=\"text-align: center;\">Es el fundador de Meditation Retreat Per\u00fa. Ha estudiado extensamente las tradiciones m\u00edsticas y organiza retiros y talleres en todo el mundo para compartir esta antigua sabidur\u00eda..<\/p>\n<\/div><div class=\"fusion-sep-clear\"><\/div><div class=\"fusion-separator\" style=\"margin-left: auto;margin-right: auto;margin-top:7px;width:100%;max-width:170px;\"><\/div><div class=\"fusion-sep-clear\"><\/div><div class=\"aligncenter\"><div class=\"fusion-social-links fusion-social-links-1\" style=\"--awb-margin-top:0px;--awb-margin-right:0px;--awb-margin-bottom:0px;--awb-margin-left:0px;--awb-alignment:center;--awb-box-border-top:0px;--awb-box-border-right:0px;--awb-box-border-bottom:0px;--awb-box-border-left:0px;--awb-icon-colors-hover:rgba(255,255,255,0.8);--awb-box-colors-hover:rgba(197,197,215,0.8);--awb-box-border-color:var(--awb-color3);--awb-box-border-color-hover:var(--awb-color4);\"><div class=\"fusion-social-networks boxed-icons color-type-custom\"><div class=\"fusion-social-networks-wrapper\"><a class=\"fusion-social-network-icon fusion-tooltip fusion-facebook awb-icon-facebook\" style=\"color:#ffffff;font-size:16px;width:16px;background-color:#c5c5d7;border-color:#c5c5d7;border-radius:2px;\" data-placement=\"top\" data-title=\"Facebook\" data-toggle=\"tooltip\" title=\"Facebook\" aria-label=\"facebook\" target=\"_blank\" rel=\"noopener noreferrer\" href=\"#\"><\/a><a class=\"fusion-social-network-icon fusion-tooltip fusion-twitter awb-icon-twitter\" style=\"color:#ffffff;font-size:16px;width:16px;background-color:#c5c5d7;border-color:#c5c5d7;border-radius:2px;\" data-placement=\"top\" data-title=\"Twitter\" data-toggle=\"tooltip\" title=\"Twitter\" aria-label=\"twitter\" target=\"_blank\" rel=\"noopener noreferrer\" href=\"#\"><\/a><a class=\"fusion-social-network-icon fusion-tooltip fusion-instagram awb-icon-instagram\" style=\"color:#ffffff;font-size:16px;width:16px;background-color:#c5c5d7;border-color:#c5c5d7;border-radius:2px;\" data-placement=\"top\" data-title=\"Instagram\" data-toggle=\"tooltip\" title=\"Instagram\" aria-label=\"instagram\" target=\"_blank\" rel=\"noopener noreferrer\" href=\"#\"><\/a><a class=\"fusion-social-network-icon fusion-tooltip fusion-dribbble awb-icon-dribbble\" style=\"color:#ffffff;font-size:16px;width:16px;background-color:#c5c5d7;border-color:#c5c5d7;border-radius:2px;\" data-placement=\"top\" data-title=\"Dribbble\" data-toggle=\"tooltip\" title=\"Dribbble\" aria-label=\"dribbble\" target=\"_blank\" rel=\"noopener noreferrer\" href=\"#\"><\/a><\/div><\/div><\/div><\/div><div class=\"fusion-clearfix\"><\/div><\/div><\/div><div class=\"fusion-layout-column fusion_builder_column fusion-builder-column-4 fusion_builder_column_1_4 1_4 fusion-one-fourth\" style=\"--awb-padding-top:30px;--awb-padding-right:30px;--awb-padding-bottom:30px;--awb-padding-left:30px;--awb-bg-color:rgba(255,255,255,.6);--awb-bg-color-hover:rgba(255,255,255,.6);--awb-bg-size:cover;width:22%; margin-right: 4%;\"><div class=\"fusion-column-wrapper fusion-flex-column-wrapper-legacy\"><div class=\"fusion-image-element fusion-image-align-center in-legacy-container\" style=\"text-align:center;--awb-caption-title-font-family:var(--h2_typography-font-family);--awb-caption-title-font-weight:var(--h2_typography-font-weight);--awb-caption-title-font-style:var(--h2_typography-font-style);--awb-caption-title-size:var(--h2_typography-font-size);--awb-caption-title-transform:var(--h2_typography-text-transform);--awb-caption-title-line-height:var(--h2_typography-line-height);--awb-caption-title-letter-spacing:var(--h2_typography-letter-spacing);\"><div class=\"imageframe-align-center\"><span class=\" fusion-imageframe imageframe-none imageframe-2 hover-type-none\"><img decoding=\"async\" width=\"200\" height=\"134\" title=\"teacher_rana\" src=\"\/wp-content\/uploads\/2018\/11\/teacher_rana.jpg\" alt class=\"img-responsive wp-image-1355\"\/><\/span><\/div><\/div><div class=\"fusion-text fusion-text-6\"><h3 style=\"text-align: center; color: #333333; margin-bottom: 0px;\">Rana<\/h3>\n<\/div><div class=\"fusion-text fusion-text-7\"><p style=\"text-align: center;\">naci\u00f3 en el L\u00edbano, creci\u00f3 en Canad\u00e1 y ha estudiado ampliamente el yoga y la meditaci\u00f3n en muchos pa\u00edses del mundo. Le encanta viajar y ense\u00f1a en Canad\u00e1 y Per\u00fa.<\/p>\n<\/div><div class=\"fusion-sep-clear\"><\/div><div class=\"fusion-separator\" style=\"margin-left: auto;margin-right: auto;margin-top:7px;width:100%;max-width:170px;\"><\/div><div class=\"fusion-sep-clear\"><\/div><div class=\"aligncenter\"><div class=\"fusion-social-links fusion-social-links-2\" style=\"--awb-margin-top:0px;--awb-margin-right:0px;--awb-margin-bottom:0px;--awb-margin-left:0px;--awb-alignment:center;--awb-box-border-top:0px;--awb-box-border-right:0px;--awb-box-border-bottom:0px;--awb-box-border-left:0px;--awb-icon-colors-hover:rgba(255,255,255,0.8);--awb-box-colors-hover:rgba(197,197,215,0.8);--awb-box-border-color:var(--awb-color3);--awb-box-border-color-hover:var(--awb-color4);\"><div class=\"fusion-social-networks boxed-icons color-type-custom\"><div class=\"fusion-social-networks-wrapper\"><a class=\"fusion-social-network-icon fusion-tooltip fusion-facebook awb-icon-facebook\" style=\"color:#ffffff;font-size:16px;width:16px;background-color:#c5c5d7;border-color:#c5c5d7;border-radius:2px;\" data-placement=\"top\" data-title=\"Facebook\" data-toggle=\"tooltip\" title=\"Facebook\" aria-label=\"facebook\" target=\"_blank\" rel=\"noopener noreferrer\" href=\"#\"><\/a><a class=\"fusion-social-network-icon fusion-tooltip fusion-twitter awb-icon-twitter\" style=\"color:#ffffff;font-size:16px;width:16px;background-color:#c5c5d7;border-color:#c5c5d7;border-radius:2px;\" data-placement=\"top\" data-title=\"Twitter\" data-toggle=\"tooltip\" title=\"Twitter\" aria-label=\"twitter\" target=\"_blank\" rel=\"noopener noreferrer\" href=\"#\"><\/a><a class=\"fusion-social-network-icon fusion-tooltip fusion-instagram awb-icon-instagram\" style=\"color:#ffffff;font-size:16px;width:16px;background-color:#c5c5d7;border-color:#c5c5d7;border-radius:2px;\" data-placement=\"top\" data-title=\"Instagram\" data-toggle=\"tooltip\" title=\"Instagram\" aria-label=\"instagram\" target=\"_blank\" rel=\"noopener noreferrer\" href=\"#\"><\/a><a class=\"fusion-social-network-icon fusion-tooltip fusion-dribbble awb-icon-dribbble\" style=\"color:#ffffff;font-size:16px;width:16px;background-color:#c5c5d7;border-color:#c5c5d7;border-radius:2px;\" data-placement=\"top\" data-title=\"Dribbble\" data-toggle=\"tooltip\" title=\"Dribbble\" aria-label=\"dribbble\" target=\"_blank\" rel=\"noopener noreferrer\" href=\"#\"><\/a><\/div><\/div><\/div><\/div><div class=\"fusion-clearfix\"><\/div><\/div><\/div><div class=\"fusion-layout-column fusion_builder_column fusion-builder-column-5 fusion_builder_column_1_4 1_4 fusion-one-fourth\" style=\"--awb-padding-top:30px;--awb-padding-right:30px;--awb-padding-bottom:30px;--awb-padding-left:30px;--awb-bg-color:rgba(255,255,255,.6);--awb-bg-color-hover:rgba(255,255,255,.6);--awb-bg-size:cover;width:22%; margin-right: 4%;\"><div class=\"fusion-column-wrapper fusion-flex-column-wrapper-legacy\"><div class=\"fusion-image-element fusion-image-align-center in-legacy-container\" style=\"text-align:center;--awb-caption-title-font-family:var(--h2_typography-font-family);--awb-caption-title-font-weight:var(--h2_typography-font-weight);--awb-caption-title-font-style:var(--h2_typography-font-style);--awb-caption-title-size:var(--h2_typography-font-size);--awb-caption-title-transform:var(--h2_typography-text-transform);--awb-caption-title-line-height:var(--h2_typography-line-height);--awb-caption-title-letter-spacing:var(--h2_typography-letter-spacing);\"><div class=\"imageframe-align-center\"><span class=\" fusion-imageframe imageframe-none imageframe-3 hover-type-none\"><img decoding=\"async\" width=\"200\" height=\"134\" title=\"teacher_julia\" src=\"\/wp-content\/uploads\/2018\/11\/teacher_julia.jpg\" alt class=\"img-responsive wp-image-1353\"\/><\/span><\/div><\/div><div class=\"fusion-text fusion-text-8\"><h3 style=\"text-align: center; color: #333333; margin-bottom: 0px;\">Julia<\/h3>\n<\/div><div class=\"fusion-text fusion-text-9\"><p style=\"text-align: center;\">Es originaria de Holanda pero ha hecho su hogar en los Andes de Per\u00fa , donde tambi\u00e9n comparte su sabidur\u00eda como profesora de yoga y meditaci\u00f3n.<\/p>\n<\/div><div class=\"fusion-sep-clear\"><\/div><div class=\"fusion-separator\" style=\"margin-left: auto;margin-right: auto;margin-top:7px;width:100%;max-width:170px;\"><\/div><div class=\"fusion-sep-clear\"><\/div><div class=\"aligncenter\"><div class=\"fusion-social-links fusion-social-links-3\" style=\"--awb-margin-top:0px;--awb-margin-right:0px;--awb-margin-bottom:0px;--awb-margin-left:0px;--awb-alignment:center;--awb-box-border-top:0px;--awb-box-border-right:0px;--awb-box-border-bottom:0px;--awb-box-border-left:0px;--awb-icon-colors-hover:rgba(255,255,255,0.8);--awb-box-colors-hover:rgba(197,197,215,0.8);--awb-box-border-color:var(--awb-color3);--awb-box-border-color-hover:var(--awb-color4);\"><div class=\"fusion-social-networks boxed-icons color-type-custom\"><div class=\"fusion-social-networks-wrapper\"><a class=\"fusion-social-network-icon fusion-tooltip fusion-facebook awb-icon-facebook\" style=\"color:#ffffff;font-size:16px;width:16px;background-color:#c5c5d7;border-color:#c5c5d7;border-radius:2px;\" data-placement=\"top\" data-title=\"Facebook\" data-toggle=\"tooltip\" title=\"Facebook\" aria-label=\"facebook\" target=\"_blank\" rel=\"noopener noreferrer\" href=\"#\"><\/a><a class=\"fusion-social-network-icon fusion-tooltip fusion-twitter awb-icon-twitter\" style=\"color:#ffffff;font-size:16px;width:16px;background-color:#c5c5d7;border-color:#c5c5d7;border-radius:2px;\" data-placement=\"top\" data-title=\"Twitter\" data-toggle=\"tooltip\" title=\"Twitter\" aria-label=\"twitter\" target=\"_blank\" rel=\"noopener noreferrer\" href=\"#\"><\/a><a class=\"fusion-social-network-icon fusion-tooltip fusion-instagram awb-icon-instagram\" style=\"color:#ffffff;font-size:16px;width:16px;background-color:#c5c5d7;border-color:#c5c5d7;border-radius:2px;\" data-placement=\"top\" data-title=\"Instagram\" data-toggle=\"tooltip\" title=\"Instagram\" aria-label=\"instagram\" target=\"_blank\" rel=\"noopener noreferrer\" href=\"#\"><\/a><a class=\"fusion-social-network-icon fusion-tooltip fusion-dribbble awb-icon-dribbble\" style=\"color:#ffffff;font-size:16px;width:16px;background-color:#c5c5d7;border-color:#c5c5d7;border-radius:2px;\" data-placement=\"top\" data-title=\"Dribbble\" data-toggle=\"tooltip\" title=\"Dribbble\" aria-label=\"dribbble\" target=\"_blank\" rel=\"noopener noreferrer\" href=\"#\"><\/a><\/div><\/div><\/div><\/div><div class=\"fusion-clearfix\"><\/div><\/div><\/div><div class=\"fusion-layout-column fusion_builder_column fusion-builder-column-6 fusion_builder_column_1_4 1_4 fusion-one-fourth fusion-column-last\" style=\"--awb-padding-top:30px;--awb-padding-right:30px;--awb-padding-bottom:30px;--awb-padding-left:30px;--awb-bg-color:rgba(255,255,255,.6);--awb-bg-color-hover:rgba(255,255,255,.6);--awb-bg-size:cover;width:22%;\"><div class=\"fusion-column-wrapper fusion-flex-column-wrapper-legacy\"><div class=\"fusion-image-element fusion-image-align-center in-legacy-container\" style=\"text-align:center;--awb-caption-title-font-family:var(--h2_typography-font-family);--awb-caption-title-font-weight:var(--h2_typography-font-weight);--awb-caption-title-font-style:var(--h2_typography-font-style);--awb-caption-title-size:var(--h2_typography-font-size);--awb-caption-title-transform:var(--h2_typography-text-transform);--awb-caption-title-line-height:var(--h2_typography-line-height);--awb-caption-title-letter-spacing:var(--h2_typography-letter-spacing);\"><div class=\"imageframe-align-center\"><span class=\" fusion-imageframe imageframe-none imageframe-4 hover-type-none\"><img decoding=\"async\" width=\"200\" height=\"134\" title=\"teacher_mike\" src=\"\/wp-content\/uploads\/2018\/11\/teacher_mike.jpg\" alt class=\"img-responsive wp-image-1354\"\/><\/span><\/div><\/div><div class=\"fusion-text fusion-text-10\"><h3 style=\"text-align: center; color: #333333; margin-bottom: 0px;\">Michael<\/h3>\n<\/div><div class=\"fusion-text fusion-text-11\"><p style=\"text-align: center;\">Naci\u00f3 en los Estados Unidos y se mud\u00f3 a los Andes para combinar la alta energ\u00eda de los lugares especiales del Per\u00fa con su propio trabajo interno.<\/p>\n<\/div><div class=\"fusion-sep-clear\"><\/div><div class=\"fusion-separator\" style=\"margin-left: auto;margin-right: auto;margin-top:7px;width:100%;max-width:170px;\"><\/div><div class=\"fusion-sep-clear\"><\/div><div class=\"aligncenter\"><div class=\"fusion-social-links fusion-social-links-4\" style=\"--awb-margin-top:0px;--awb-margin-right:0px;--awb-margin-bottom:0px;--awb-margin-left:0px;--awb-alignment:center;--awb-box-border-top:0px;--awb-box-border-right:0px;--awb-box-border-bottom:0px;--awb-box-border-left:0px;--awb-icon-colors-hover:rgba(255,255,255,0.8);--awb-box-colors-hover:rgba(197,197,215,0.8);--awb-box-border-color:var(--awb-color3);--awb-box-border-color-hover:var(--awb-color4);\"><div class=\"fusion-social-networks boxed-icons color-type-custom\"><div class=\"fusion-social-networks-wrapper\"><a class=\"fusion-social-network-icon fusion-tooltip fusion-facebook awb-icon-facebook\" style=\"color:#ffffff;font-size:16px;width:16px;background-color:#c5c5d7;border-color:#c5c5d7;border-radius:2px;\" data-placement=\"top\" data-title=\"Facebook\" data-toggle=\"tooltip\" title=\"Facebook\" aria-label=\"facebook\" target=\"_blank\" rel=\"noopener noreferrer\" href=\"#\"><\/a><a class=\"fusion-social-network-icon fusion-tooltip fusion-twitter awb-icon-twitter\" style=\"color:#ffffff;font-size:16px;width:16px;background-color:#c5c5d7;border-color:#c5c5d7;border-radius:2px;\" data-placement=\"top\" data-title=\"Twitter\" data-toggle=\"tooltip\" title=\"Twitter\" aria-label=\"twitter\" target=\"_blank\" rel=\"noopener noreferrer\" href=\"#\"><\/a><a class=\"fusion-social-network-icon fusion-tooltip fusion-instagram awb-icon-instagram\" style=\"color:#ffffff;font-size:16px;width:16px;background-color:#c5c5d7;border-color:#c5c5d7;border-radius:2px;\" data-placement=\"top\" data-title=\"Instagram\" data-toggle=\"tooltip\" title=\"Instagram\" aria-label=\"instagram\" target=\"_blank\" rel=\"noopener noreferrer\" href=\"#\"><\/a><a class=\"fusion-social-network-icon fusion-tooltip fusion-dribbble awb-icon-dribbble\" style=\"color:#ffffff;font-size:16px;width:16px;background-color:#c5c5d7;border-color:#c5c5d7;border-radius:2px;\" data-placement=\"top\" data-title=\"Dribbble\" data-toggle=\"tooltip\" title=\"Dribbble\" aria-label=\"dribbble\" target=\"_blank\" rel=\"noopener noreferrer\" href=\"#\"><\/a><\/div><\/div><\/div><\/div><div class=\"fusion-clearfix\"><\/div><\/div><\/div><\/div><\/div><div class=\"fusion-fullwidth fullwidth-box fusion-builder-row-4 nonhundred-percent-fullwidth non-hundred-percent-height-scrolling\" style=\"--awb-background-position:left top;--awb-border-radius-top-left:0px;--awb-border-radius-top-right:0px;--awb-border-radius-bottom-right:0px;--awb-border-radius-bottom-left:0px;--awb-padding-top:20px;--awb-padding-bottom:0px;--awb-background-color:#f0f0ed;--awb-border-sizes-top:0px;--awb-border-sizes-bottom:0px;--awb-flex-wrap:wrap;\" ><div class=\"fusion-builder-row fusion-row\"><div class=\"fusion-layout-column fusion_builder_column fusion-builder-column-7 fusion_builder_column_1_1 1_1 fusion-one-full fusion-column-first fusion-column-last fusion-column-no-min-height\" style=\"--awb-bg-size:cover;--awb-margin-bottom:0px;\"><div class=\"fusion-column-wrapper fusion-flex-column-wrapper-legacy\"><div class=\"fusion-text fusion-text-12\"><h1 style=\"text-align: center;\">SOBRE NOSOTROS<\/h1>\n<\/div><div class=\"fusion-clearfix\"><\/div><\/div><\/div><div class=\"fusion-layout-column fusion_builder_column fusion-builder-column-8 fusion_builder_column_1_1 1_1 fusion-one-full fusion-column-first fusion-column-last fusion-column-no-min-height\" style=\"--awb-bg-size:cover;--awb-margin-bottom:0px;\"><div class=\"fusion-column-wrapper fusion-flex-column-wrapper-legacy\"><div class=\"fusion-sep-clear\"><\/div><div class=\"fusion-separator\" style=\"margin-left: auto;margin-right: auto;margin-bottom:40px;width:100%;max-width:170px;\"><\/div><div class=\"fusion-sep-clear\"><\/div><div class=\"fusion-clearfix\"><\/div><\/div><\/div><div class=\"fusion-layout-column fusion_builder_column fusion-builder-column-9 fusion_builder_column_1_1 1_1 fusion-one-full fusion-column-first fusion-column-last fusion-column-no-min-height\" style=\"--awb-bg-size:cover;--awb-margin-bottom:0px;\"><div class=\"fusion-column-wrapper fusion-flex-column-wrapper-legacy\"><div class=\"fusion-tabs fusion-tabs-1 clean nav-not-justified horizontal-tabs icon-position-left mobile-mode-accordion\" style=\"--awb-title-border-radius-top-left:0px;--awb-title-border-radius-top-right:0px;--awb-title-border-radius-bottom-right:0px;--awb-title-border-radius-bottom-left:0px;--awb-inactive-color:#f0f0ed;--awb-background-color:rgba(255,255,255,.4);--awb-border-color:#c5c5d7;--awb-active-border-color:#ef7a00;\"><div class=\"nav\"><ul class=\"nav-tabs\" role=\"tablist\"><li class=\"active\" role=\"presentation\"><a class=\"tab-link\" data-toggle=\"tab\" role=\"tab\" aria-controls=\"tab-e2af8e648a74a93fa40\" aria-selected=\"true\" id=\"fusion-tab-quienessomos\" href=\"#tab-e2af8e648a74a93fa40\"><h4 class=\"fusion-tab-heading\">Quienes somos<\/h4><\/a><\/li><li role=\"presentation\"><a class=\"tab-link\" data-toggle=\"tab\" role=\"tab\" aria-controls=\"tab-88dbf4f1bff38a39dd0\" aria-selected=\"false\" tabindex=\"-1\" id=\"fusion-tab-loquehacemos\" href=\"#tab-88dbf4f1bff38a39dd0\"><h4 class=\"fusion-tab-heading\">Lo que hacemos<\/h4><\/a><\/li><li role=\"presentation\"><a class=\"tab-link\" data-toggle=\"tab\" role=\"tab\" aria-controls=\"tab-8672f06f49290cce73a\" aria-selected=\"false\" tabindex=\"-1\" id=\"fusion-tab-loquecreemos\" href=\"#tab-8672f06f49290cce73a\"><h4 class=\"fusion-tab-heading\">Lo que creemos<\/h4><\/a><\/li><\/ul><\/div><div class=\"tab-content\"><div class=\"nav fusion-mobile-tab-nav\"><ul class=\"nav-tabs\" role=\"tablist\"><li class=\"active\" role=\"presentation\"><a class=\"tab-link\" data-toggle=\"tab\" role=\"tab\" aria-controls=\"tab-e2af8e648a74a93fa40\" aria-selected=\"true\" id=\"mobile-fusion-tab-quienessomos\" href=\"#tab-e2af8e648a74a93fa40\"><h4 class=\"fusion-tab-heading\">Quienes somos<\/h4><\/a><\/li><\/ul><\/div><div class=\"tab-pane fade fusion-clearfix in active\" role=\"tabpanel\" tabindex=\"0\" aria-labelledby=\"fusion-tab-quienessomos\" id=\"tab-e2af8e648a74a93fa40\">\n<p style=\"text-align: justify;\"><a href=\"\/wp-content\/uploads\/2018\/11\/5days_package.jpg\"><img decoding=\"async\" class=\"size-medium wp-image-1145 alignleft\" src=\"\/wp-content\/uploads\/2018\/11\/5days_package-300x225.jpg\" alt=\"\" width=\"300\" height=\"225\" srcset=\"https:\/\/www.meditationretreatperu.com\/wp-content\/uploads\/2018\/11\/5days_package-200x150.jpg 200w, https:\/\/www.meditationretreatperu.com\/wp-content\/uploads\/2018\/11\/5days_package-300x225.jpg 300w, https:\/\/www.meditationretreatperu.com\/wp-content\/uploads\/2018\/11\/5days_package-400x300.jpg 400w, https:\/\/www.meditationretreatperu.com\/wp-content\/uploads\/2018\/11\/5days_package-600x450.jpg 600w, https:\/\/www.meditationretreatperu.com\/wp-content\/uploads\/2018\/11\/5days_package-768x576.jpg 768w, https:\/\/www.meditationretreatperu.com\/wp-content\/uploads\/2018\/11\/5days_package.jpg 800w\" sizes=\"(max-width: 300px) 100vw, 300px\" \/><\/a>Somos un equipo de maestros apasionados cuyo amor es compartir el conocimiento de la conciencia y la energ\u00eda para ayudarnos a profundizar nuestra espiritualidad y nuestra pr\u00e1ctica de sanaci\u00f3n y meditaci\u00f3n. Cada uno de los maestros tiene experiencia en el area y aporta un enfoque y toque \u00fanicos al retiro.<\/p>\n<\/div><div class=\"nav fusion-mobile-tab-nav\"><ul class=\"nav-tabs\" role=\"tablist\"><li role=\"presentation\"><a class=\"tab-link\" data-toggle=\"tab\" role=\"tab\" aria-controls=\"tab-88dbf4f1bff38a39dd0\" aria-selected=\"false\" tabindex=\"-1\" id=\"mobile-fusion-tab-loquehacemos\" href=\"#tab-88dbf4f1bff38a39dd0\"><h4 class=\"fusion-tab-heading\">Lo que hacemos<\/h4><\/a><\/li><\/ul><\/div><div class=\"tab-pane fade fusion-clearfix\" role=\"tabpanel\" tabindex=\"0\" aria-labelledby=\"fusion-tab-loquehacemos\" id=\"tab-88dbf4f1bff38a39dd0\">\n<p style=\"text-align: justify;\"><a href=\"\/wp-content\/uploads\/2018\/11\/12day_package.jpg\"><img decoding=\"async\" class=\"size-medium wp-image-1124 alignleft\" src=\"\/wp-content\/uploads\/2018\/11\/12day_package-300x225.jpg\" alt=\"\" width=\"300\" height=\"225\" srcset=\"https:\/\/www.meditationretreatperu.com\/wp-content\/uploads\/2018\/11\/12day_package-200x150.jpg 200w, https:\/\/www.meditationretreatperu.com\/wp-content\/uploads\/2018\/11\/12day_package-300x225.jpg 300w, https:\/\/www.meditationretreatperu.com\/wp-content\/uploads\/2018\/11\/12day_package-400x300.jpg 400w, https:\/\/www.meditationretreatperu.com\/wp-content\/uploads\/2018\/11\/12day_package-600x450.jpg 600w, https:\/\/www.meditationretreatperu.com\/wp-content\/uploads\/2018\/11\/12day_package-768x576.jpg 768w, https:\/\/www.meditationretreatperu.com\/wp-content\/uploads\/2018\/11\/12day_package.jpg 800w\" sizes=\"(max-width: 300px) 100vw, 300px\" \/><\/a>Ofrecemos retiros y recorridos de meditaci\u00f3n silenciosa de calidad en el valle sagrado y en el lago Titicaca.<\/p>\n<p style=\"text-align: justify;\">Usamos la energ\u00eda de la tierra para liberar y soltar todo lo que no nos sirve para que podamos crecer.<\/p>\n<p style=\"text-align: justify;\">Invitando simult\u00e1neamente nuevas visiones para nuestra vida y nuestro futuro mientras profundizamos nuestra pr\u00e1ctica de meditaci\u00f3n. Trabajamos con las energ\u00edas masculinas y femeninas de la tierra e introducimos estos conceptos en la pr\u00e1ctica de la meditaci\u00f3n para que podamos entender c\u00f3mo funcionan estas energ\u00edas en nuestro sistema y en nuestras vidas..<\/p>\n<\/div><div class=\"nav fusion-mobile-tab-nav\"><ul class=\"nav-tabs\" role=\"tablist\"><li role=\"presentation\"><a class=\"tab-link\" data-toggle=\"tab\" role=\"tab\" aria-controls=\"tab-8672f06f49290cce73a\" aria-selected=\"false\" tabindex=\"-1\" id=\"mobile-fusion-tab-loquecreemos\" href=\"#tab-8672f06f49290cce73a\"><h4 class=\"fusion-tab-heading\">Lo que creemos<\/h4><\/a><\/li><\/ul><\/div><div class=\"tab-pane fade fusion-clearfix\" role=\"tabpanel\" tabindex=\"0\" aria-labelledby=\"fusion-tab-loquecreemos\" id=\"tab-8672f06f49290cce73a\">\n<p style=\"text-align: justify;\" data-fontsize=\"24\" data-lineheight=\"48\"><a href=\"\/wp-content\/uploads\/2018\/11\/7day_package.jpg\"><img decoding=\"async\" class=\"size-medium wp-image-1123 alignleft\" src=\"\/wp-content\/uploads\/2018\/11\/7day_package-300x225.jpg\" alt=\"\" width=\"300\" height=\"225\" srcset=\"https:\/\/www.meditationretreatperu.com\/wp-content\/uploads\/2018\/11\/7day_package-200x150.jpg 200w, https:\/\/www.meditationretreatperu.com\/wp-content\/uploads\/2018\/11\/7day_package-300x225.jpg 300w, https:\/\/www.meditationretreatperu.com\/wp-content\/uploads\/2018\/11\/7day_package-400x300.jpg 400w, https:\/\/www.meditationretreatperu.com\/wp-content\/uploads\/2018\/11\/7day_package-600x450.jpg 600w, https:\/\/www.meditationretreatperu.com\/wp-content\/uploads\/2018\/11\/7day_package-768x576.jpg 768w, https:\/\/www.meditationretreatperu.com\/wp-content\/uploads\/2018\/11\/7day_package.jpg 800w\" sizes=\"(max-width: 300px) 100vw, 300px\" \/><\/a>Reconocemos el valor de todas las tradiciones espirituales y religiones. Creemos que, a pesar de las diferencias aparentes, todos los caminos comparten el amor como uno de sus valores fundamentales.<\/p>\n<p style=\"text-align: justify;\" data-fontsize=\"24\" data-lineheight=\"48\">Nuestro enfoque principal es explorar y abrir el coraz\u00f3n y desarrollar una estructura interna que traiga m\u00e1s amor y un sentimiento de conexi\u00f3n a nuestras vidas.<\/p>\n<p style=\"text-align: justify;\" data-fontsize=\"24\" data-lineheight=\"48\">Nuestro equipo de maestros tiene experiencia en m\u00faltiples tradiciones y un objetivo compartido: mantener un espacio s\u00f3lido y guiar a los participantes del retiro hacia sus propias experiencias internas.<\/p>\n<\/div><\/div><\/div><div class=\"fusion-clearfix\"><\/div><\/div><\/div><\/div><\/div><div class=\"fusion-fullwidth fullwidth-box fusion-builder-row-5 nonhundred-percent-fullwidth non-hundred-percent-height-scrolling\" style=\"--awb-background-position:left top;--awb-border-radius-top-left:0px;--awb-border-radius-top-right:0px;--awb-border-radius-bottom-right:0px;--awb-border-radius-bottom-left:0px;--awb-padding-top:60px;--awb-padding-bottom:0px;--awb-background-color:#ffffff;--awb-border-sizes-top:0px;--awb-border-sizes-bottom:0px;--awb-flex-wrap:wrap;\" ><div class=\"fusion-builder-row fusion-row\"><div class=\"fusion-layout-column fusion_builder_column fusion-builder-column-10 fusion_builder_column_1_1 1_1 fusion-one-full fusion-column-first fusion-column-last fusion-column-no-min-height\" style=\"--awb-bg-size:cover;--awb-margin-bottom:0px;\"><div class=\"fusion-column-wrapper fusion-flex-column-wrapper-legacy\"><div class=\"fusion-text fusion-text-13\"><h1 style=\"text-align: center;\">LAGO TITICACA<\/h1>\n<\/div><div class=\"fusion-clearfix\"><\/div><\/div><\/div><div class=\"fusion-layout-column fusion_builder_column fusion-builder-column-11 fusion_builder_column_1_6 1_6 fusion-one-sixth fusion-column-first\" style=\"--awb-bg-size:cover;width:13.3333%; margin-right: 4%;\"><div class=\"fusion-column-wrapper fusion-flex-column-wrapper-legacy\"><div class=\"fusion-clearfix\"><\/div><\/div><\/div><div class=\"fusion-layout-column fusion_builder_column fusion-builder-column-12 fusion_builder_column_2_3 2_3 fusion-two-third\" style=\"--awb-bg-size:cover;width:65.3333%; margin-right: 4%;\"><div class=\"fusion-column-wrapper fusion-flex-column-wrapper-legacy\"><div class=\"fusion-text fusion-text-14\"><h3 class=\"Body\" style=\"text-align: center;\"><span lang=\"DE\">Nuestro evento principal, el retiro mensual de meditaci\u00f3n silenciosa en el lago Titicaca, se lleva a cabo en la m\u00edstica isla Amantani en medio del lago Titicaca.<\/span><\/h3>\n<\/div><div class=\"fusion-clearfix\"><\/div><\/div><\/div><div class=\"fusion-layout-column fusion_builder_column fusion-builder-column-13 fusion_builder_column_1_6 1_6 fusion-one-sixth fusion-column-last\" style=\"--awb-bg-size:cover;width:13.3333%;\"><div class=\"fusion-column-wrapper fusion-flex-column-wrapper-legacy\"><div class=\"fusion-clearfix\"><\/div><\/div><\/div><\/div><\/div><div class=\"fusion-fullwidth fullwidth-box fusion-builder-row-6 hundred-percent-fullwidth non-hundred-percent-height-scrolling\" style=\"--awb-border-radius-top-left:0px;--awb-border-radius-top-right:0px;--awb-border-radius-bottom-right:0px;--awb-border-radius-bottom-left:0px;--awb-padding-top:0px;--awb-padding-right:0px;--awb-padding-bottom:0px;--awb-padding-left:0px;--awb-margin-top:0px;--awb-margin-bottom:0px;--awb-flex-wrap:wrap;\" ><div class=\"fusion-builder-row fusion-row\"><div class=\"fusion-layout-column fusion_builder_column fusion-builder-column-14 fusion_builder_column_1_1 1_1 fusion-one-full fusion-column-first fusion-column-last\" style=\"--awb-bg-size:cover;--awb-margin-bottom:0px;\"><div class=\"fusion-column-wrapper fusion-flex-column-wrapper-legacy\"><iframe src=\"https:\/\/www.google.com\/maps\/embed?pb=!1m18!1m12!1m3!1d238073.53294961655!2d-69.73820295979804!3d-15.714986874195242!2m3!1f0!2f0!3f0!3m2!1i1024!2i768!4f13.1!3m3!1m2!1s0x915d78dbe94fc57b%3A0xc292df5c2fc0bbf3!2zQW1hbnRhbsOt!5e1!3m2!1sen!2sus!4v1542001873198\" width=\"100%\" height=\"450\" frameborder=\"0\" style=\"border:0\" allowfullscreen><\/iframe><div class=\"fusion-clearfix\"><\/div><\/div><\/div><\/div><\/div><\/p>\n","protected":false},"excerpt":{"rendered":"<p>[fusion_builder_container hundred_percent=&#8221;no&#8221; hundred_percent_height=&#8221;no&#8221; hundred_percent_height_scroll=&#8221;no&#8221; hundred_percent_height_center_content=&#8221;yes&#8221; equal_height_columns=&#8221;yes&#8221; menu_anchor=&#8221;&#8221; hide_on_mobile=&#8221;no&#8221; status=&#8221;published&#8221; publish_date=&#8221;&#8221;&#8230;<\/p>\n","protected":false},"author":6,"featured_media":0,"parent":0,"menu_order":0,"comment_status":"closed","ping_status":"closed","template":"100-width.php","meta":{"footnotes":""},"yoast_head":"<!-- This site is optimized with the Yoast SEO plugin v20.13 - https:\/\/yoast.com\/wordpress\/plugins\/seo\/ -->\n<title>About Us<\/title>\n<meta name=\"description\" content=\"[fusion_builder_container hundred_percent=&quot;no&quot; hundred_percent_height=&quot;no&quot; hundred_percent_height_scroll=&quot;no&quot; hundred_percent_height_center_content=&quot;yes&quot; equal_height_columns=&quot;yes&quot; menu_anchor=&quot;&quot; hide_on_mobile=&quot;no&quot; status=&quot;published&quot; publish_date=&quot;&quot;...\" \/>\n<meta name=\"robots\" content=\"index, follow, max-snippet:-1, max-image-preview:large, max-video-preview:-1\" \/>\n<link rel=\"canonical\" href=\"https:\/\/www.meditationretreatperu.com\/es_ES\/about-us\/\" \/>\n<meta property=\"og:locale\" content=\"en_US\" \/>\n<meta property=\"og:type\" content=\"article\" \/>\n<meta property=\"og:title\" content=\"About Us\" \/>\n<meta property=\"og:description\" content=\"[fusion_builder_container hundred_percent=&quot;no&quot; hundred_percent_height=&quot;no&quot; hundred_percent_height_scroll=&quot;no&quot; hundred_percent_height_center_content=&quot;yes&quot; equal_height_columns=&quot;yes&quot; menu_anchor=&quot;&quot; hide_on_mobile=&quot;no&quot; status=&quot;published&quot; publish_date=&quot;&quot;...\" \/>\n<meta property=\"og:url\" content=\"https:\/\/www.meditationretreatperu.com\/es_ES\/about-us\/\" \/>\n<meta property=\"og:site_name\" content=\"Meditation Retreat Peru\" \/>\n<meta property=\"article:modified_time\" content=\"2020-11-04T09:37:33+00:00\" \/>\n<meta name=\"twitter:card\" content=\"summary_large_image\" \/>\n<meta name=\"twitter:label1\" content=\"Est. reading time\" \/>\n\t<meta name=\"twitter:data1\" content=\"19 minutes\" \/>\n<script type=\"application\/ld+json\" class=\"yoast-schema-graph\">{\"@context\":\"https:\/\/schema.org\",\"@graph\":[{\"@type\":\"WebPage\",\"@id\":\"https:\/\/www.meditationretreatperu.com\/es_ES\/about-us\/\",\"url\":\"https:\/\/www.meditationretreatperu.com\/es_ES\/about-us\/\",\"name\":\"About Us - Meditation Retreat Peru\",\"isPartOf\":{\"@id\":\"https:\/\/www.meditationretreatperu.com\/#website\"},\"datePublished\":\"2018-11-27T11:54:21+00:00\",\"dateModified\":\"2020-11-04T09:37:33+00:00\",\"breadcrumb\":{\"@id\":\"https:\/\/www.meditationretreatperu.com\/es_ES\/about-us\/#breadcrumb\"},\"inLanguage\":\"en-US\",\"potentialAction\":[{\"@type\":\"ReadAction\",\"target\":[\"https:\/\/www.meditationretreatperu.com\/es_ES\/about-us\/\"]}]},{\"@type\":\"BreadcrumbList\",\"@id\":\"https:\/\/www.meditationretreatperu.com\/es_ES\/about-us\/#breadcrumb\",\"itemListElement\":[{\"@type\":\"ListItem\",\"position\":1,\"name\":\"Home\",\"item\":\"https:\/\/www.meditationretreatperu.com\/\"},{\"@type\":\"ListItem\",\"position\":2,\"name\":\"About Us\"}]},{\"@type\":\"WebSite\",\"@id\":\"https:\/\/www.meditationretreatperu.com\/#website\",\"url\":\"https:\/\/www.meditationretreatperu.com\/\",\"name\":\"Meditation Retreat Peru\",\"description\":\"Spiritual Meditatation &amp; Yoga Retreats\",\"potentialAction\":[{\"@type\":\"SearchAction\",\"target\":{\"@type\":\"EntryPoint\",\"urlTemplate\":\"https:\/\/www.meditationretreatperu.com\/?s={search_term_string}\"},\"query-input\":\"required name=search_term_string\"}],\"inLanguage\":\"en-US\"}]}<\/script>\n<!-- \/ Yoast SEO plugin. -->","yoast_head_json":{"title":"About Us","description":"[fusion_builder_container hundred_percent=\"no\" hundred_percent_height=\"no\" hundred_percent_height_scroll=\"no\" hundred_percent_height_center_content=\"yes\" equal_height_columns=\"yes\" menu_anchor=\"\" hide_on_mobile=\"no\" status=\"published\" publish_date=\"\"...","robots":{"index":"index","follow":"follow","max-snippet":"max-snippet:-1","max-image-preview":"max-image-preview:large","max-video-preview":"max-video-preview:-1"},"canonical":"https:\/\/www.meditationretreatperu.com\/es_ES\/about-us\/","og_locale":"en_US","og_type":"article","og_title":"About Us","og_description":"[fusion_builder_container hundred_percent=\"no\" hundred_percent_height=\"no\" hundred_percent_height_scroll=\"no\" hundred_percent_height_center_content=\"yes\" equal_height_columns=\"yes\" menu_anchor=\"\" hide_on_mobile=\"no\" status=\"published\" publish_date=\"\"...","og_url":"https:\/\/www.meditationretreatperu.com\/es_ES\/about-us\/","og_site_name":"Meditation Retreat Peru","article_modified_time":"2020-11-04T09:37:33+00:00","twitter_card":"summary_large_image","twitter_misc":{"Est. reading time":"19 minutes"},"schema":{"@context":"https:\/\/schema.org","@graph":[{"@type":"WebPage","@id":"https:\/\/www.meditationretreatperu.com\/es_ES\/about-us\/","url":"https:\/\/www.meditationretreatperu.com\/es_ES\/about-us\/","name":"About Us - Meditation Retreat Peru","isPartOf":{"@id":"https:\/\/www.meditationretreatperu.com\/#website"},"datePublished":"2018-11-27T11:54:21+00:00","dateModified":"2020-11-04T09:37:33+00:00","breadcrumb":{"@id":"https:\/\/www.meditationretreatperu.com\/es_ES\/about-us\/#breadcrumb"},"inLanguage":"en-US","potentialAction":[{"@type":"ReadAction","target":["https:\/\/www.meditationretreatperu.com\/es_ES\/about-us\/"]}]},{"@type":"BreadcrumbList","@id":"https:\/\/www.meditationretreatperu.com\/es_ES\/about-us\/#breadcrumb","itemListElement":[{"@type":"ListItem","position":1,"name":"Home","item":"https:\/\/www.meditationretreatperu.com\/"},{"@type":"ListItem","position":2,"name":"About Us"}]},{"@type":"WebSite","@id":"https:\/\/www.meditationretreatperu.com\/#website","url":"https:\/\/www.meditationretreatperu.com\/","name":"Meditation Retreat Peru","description":"Spiritual Meditatation &amp; Yoga Retreats","potentialAction":[{"@type":"SearchAction","target":{"@type":"EntryPoint","urlTemplate":"https:\/\/www.meditationretreatperu.com\/?s={search_term_string}"},"query-input":"required name=search_term_string"}],"inLanguage":"en-US"}]}},"_links":{"self":[{"href":"https:\/\/www.meditationretreatperu.com\/es_ES\/wp-json\/wp\/v2\/pages\/9"}],"collection":[{"href":"https:\/\/www.meditationretreatperu.com\/es_ES\/wp-json\/wp\/v2\/pages"}],"about":[{"href":"https:\/\/www.meditationretreatperu.com\/es_ES\/wp-json\/wp\/v2\/types\/page"}],"author":[{"embeddable":true,"href":"https:\/\/www.meditationretreatperu.com\/es_ES\/wp-json\/wp\/v2\/users\/6"}],"replies":[{"embeddable":true,"href":"https:\/\/www.meditationretreatperu.com\/es_ES\/wp-json\/wp\/v2\/comments?post=9"}],"version-history":[{"count":0,"href":"https:\/\/www.meditationretreatperu.com\/es_ES\/wp-json\/wp\/v2\/pages\/9\/revisions"}],"wp:attachment":[{"href":"https:\/\/www.meditationretreatperu.com\/es_ES\/wp-json\/wp\/v2\/media?parent=9"}],"curies":[{"name":"wp","href":"https:\/\/api.w.org\/{rel}","templated":true}]}}